{"id":691,"date":"2013-09-21T01:09:37","date_gmt":"2013-09-21T00:09:37","guid":{"rendered":"http:\/\/fcfamalicao.org\/portal\/?page_id=691"},"modified":"2018-10-30T19:50:29","modified_gmt":"2018-10-30T18:50:29","slug":"iniciados-b","status":"publish","type":"page","link":"https:\/\/fcfamalicao.org\/portal\/futebol-formacao\/campeonato-nacional\/iniciados-b\/","title":{"rendered":"Iniciados B"},"content":{"rendered":"<p><img loading=\"lazy\" decoding=\"async\" class=\"alignleft size-full wp-image-2693\" src=\"http:\/\/fcfamalicao.org\/portal\/wp-content\/uploads\/2015\/08\/iniciados_b.jpg\" alt=\"iniciados_b\" width=\"600\" height=\"125\" srcset=\"https:\/\/fcfamalicao.org\/portal\/wp-content\/uploads\/2015\/08\/iniciados_b.jpg 600w, https:\/\/fcfamalicao.org\/portal\/wp-content\/uploads\/2015\/08\/iniciados_b-300x63.jpg 300w, https:\/\/fcfamalicao.org\/portal\/wp-content\/uploads\/2015\/08\/iniciados_b-500x104.jpg 500w\" sizes=\"auto, (max-width: 600px) 100vw, 600px\" \/><\/p>\n<p><strong><span style=\"color: #0000ff;\">** Disputa&nbsp;o Campeonato Distrital da AF Braga &nbsp;\u2013 Divis\u00e3o de Honra&nbsp;**<\/span><\/strong><\/p>\n<p><span style=\"color: #0000ff;\">Resultados<\/span><\/p>\n<table>\n<tbody>\n<tr style=\"background-color: #d7e9f7;\">\n<td><strong><span style=\"color: #0000ff;\">Jornada<\/span><\/strong><\/td>\n<td><strong><span style=\"color: #0000ff;\">Visitado<\/span><\/strong><\/td>\n<td style=\"text-align: center;\"><strong><span style=\"color: #0000ff;\">Res.<\/span><\/strong><\/td>\n<td style=\"text-align: right;\"><strong><span style=\"color: #0000ff;\">Visitante<\/span><\/strong><\/td>\n<td style=\"text-align: right;\"><strong><span style=\"color: #0000ff;\">Data<\/span><\/strong><\/td>\n<\/tr>\n<tr>\n<td style=\"text-align: left;\">J1<\/td>\n<td style=\"text-align: left;\">Gil Vicente<\/td>\n<td style=\"text-align: center;\"><strong>1-4<\/strong><\/td>\n<td style=\"text-align: right;\"><span style=\"color: #0000ff;\">FC Famalic\u00e3o<\/span><\/td>\n<td style=\"text-align: right;\">09-09-2018<\/td>\n<\/tr>\n<tr>\n<td style=\"text-align: left;\">J2<\/td>\n<td style=\"text-align: left;\"><span style=\"color: #0000ff;\">FC Famalic\u00e3o<\/span><\/td>\n<td style=\"text-align: center;\"><strong>0-2<\/strong><\/td>\n<td style=\"text-align: right;\">Vizela<\/td>\n<td style=\"text-align: right;\">16-09-2018<\/td>\n<\/tr>\n<tr>\n<td>J3<\/td>\n<td>Fafe<\/td>\n<td style=\"text-align: center;\"><strong>3-0<\/strong><\/td>\n<td style=\"text-align: right;\"><span style=\"color: #0000ff;\">FC Famalic\u00e3o<\/span><\/td>\n<td style=\"text-align: right;\">29-09-2018<\/td>\n<\/tr>\n<tr>\n<td>J4<\/td>\n<td><span style=\"color: #0000ff;\">FC Famalic\u00e3o<\/span><\/td>\n<td style=\"text-align: center;\"><strong>1-1<\/strong><\/td>\n<td style=\"text-align: right;\">Ca\u00e7adores das Taipas<\/td>\n<td style=\"text-align: right;\">06-10-2018<\/td>\n<\/tr>\n<tr>\n<td>J5<\/td>\n<td>Pevid\u00e9m<\/td>\n<td style=\"text-align: center;\"><strong>0-4<\/strong><\/td>\n<td style=\"text-align: right;\"><span style=\"color: #0000ff;\">FC Famalic\u00e3o<\/span><\/td>\n<td style=\"text-align: right;\">13-10-2018<\/td>\n<\/tr>\n<tr>\n<td>J6<\/td>\n<td><span style=\"color: #0000ff;\">FC Famalic\u00e3o<\/span><\/td>\n<td style=\"text-align: center;\"><strong>3-2<\/strong><\/td>\n<td style=\"text-align: right;\">V. Guimar\u00e3es<\/td>\n<td style=\"text-align: right;\">20-10-2018<\/td>\n<\/tr>\n<tr>\n<td>J7<\/td>\n<td>Esposende<\/td>\n<td style=\"text-align: center;\"><strong>6-1<\/strong><\/td>\n<td style=\"text-align: right;\"><span style=\"color: #0000ff;\">FC Famalic\u00e3o<\/span><\/td>\n<td style=\"text-align: right;\">28-10-2018<\/td>\n<\/tr>\n<tr>\n<td>J8<\/td>\n<td>FC Famalic\u00e3o<\/td>\n<td style=\"text-align: center;\"><strong>&#8211;<\/strong><\/td>\n<td style=\"text-align: right;\">Merelinense<\/td>\n<td style=\"text-align: right;\">04-11-2018<\/td>\n<\/tr>\n<tr>\n<td>&nbsp;<\/td>\n<td>&nbsp;<\/td>\n<td style=\"text-align: center;\">&nbsp;<\/td>\n<td style=\"text-align: right;\">&nbsp;<\/td>\n<td style=\"text-align: right;\">&nbsp;<\/td>\n<\/tr>\n<\/tbody>\n<\/table>\n<p><span style=\"color: #0000ff;\"><strong>Classifica\u00e7\u00e3o<br \/>\n<img loading=\"lazy\" decoding=\"async\" class=\"alignleft size-full wp-image-4082\" src=\"http:\/\/fcfamalicao.org\/portal\/wp-content\/uploads\/2018\/10\/class_iniciados_b07.png\" alt=\"\" width=\"527\" height=\"450\"><\/p>\n<p><\/strong><\/span><\/p>\n","protected":false},"excerpt":{"rendered":"<p>** Disputa&nbsp;o Campeonato Distrital da AF Braga &nbsp;\u2013 Divis\u00e3o de Honra&nbsp;** Resultados Jornada Visitado Res. Visitante Data J1 Gil Vicente 1-4 FC Famalic\u00e3o 09-09-2018 J2 FC Famalic\u00e3o 0-2 Vizela 16-09-2018 J3 Fafe 3-0 FC Famalic\u00e3o 29-09-2018 J4 FC Famalic\u00e3o 1-1 &hellip; <a href=\"https:\/\/fcfamalicao.org\/portal\/futebol-formacao\/campeonato-nacional\/iniciados-b\/\">Continuar a ler <span class=\"meta-nav\">&rarr;<\/span><\/a><\/p>\n","protected":false},"author":1,"featured_media":0,"parent":1085,"menu_order":6,"comment_status":"closed","ping_status":"closed","template":"sidebar-page.php","meta":{"ngg_post_thumbnail":0,"footnotes":""},"class_list":["post-691","page","type-page","status-publish","hentry"],"_links":{"self":[{"href":"https:\/\/fcfamalicao.org\/portal\/wp-json\/wp\/v2\/pages\/691","targetHints":{"allow":["GET"]}}],"collection":[{"href":"https:\/\/fcfamalicao.org\/portal\/wp-json\/wp\/v2\/pages"}],"about":[{"href":"https:\/\/fcfamalicao.org\/portal\/wp-json\/wp\/v2\/types\/page"}],"author":[{"embeddable":true,"href":"https:\/\/fcfamalicao.org\/portal\/wp-json\/wp\/v2\/users\/1"}],"replies":[{"embeddable":true,"href":"https:\/\/fcfamalicao.org\/portal\/wp-json\/wp\/v2\/comments?post=691"}],"version-history":[{"count":39,"href":"https:\/\/fcfamalicao.org\/portal\/wp-json\/wp\/v2\/pages\/691\/revisions"}],"predecessor-version":[{"id":4086,"href":"https:\/\/fcfamalicao.org\/portal\/wp-json\/wp\/v2\/pages\/691\/revisions\/4086"}],"up":[{"embeddable":true,"href":"https:\/\/fcfamalicao.org\/portal\/wp-json\/wp\/v2\/pages\/1085"}],"wp:attachment":[{"href":"https:\/\/fcfamalicao.org\/portal\/wp-json\/wp\/v2\/media?parent=691"}],"curies":[{"name":"wp","href":"https:\/\/api.w.org\/{rel}","templated":true}]}}