{"id":532,"date":"2013-08-27T22:31:13","date_gmt":"2013-08-27T21:31:13","guid":{"rendered":"http:\/\/fcfamalicao.org\/portal\/?page_id=532"},"modified":"2018-10-30T19:53:51","modified_gmt":"2018-10-30T18:53:51","slug":"juvenis-b","status":"publish","type":"page","link":"https:\/\/fcfamalicao.org\/portal\/futebol-formacao\/campeonato-nacional\/juvenis-b\/","title":{"rendered":"Juvenis B"},"content":{"rendered":"<p><span style=\"color: #0000ff;\"><img loading=\"lazy\" decoding=\"async\" class=\"alignleft size-full wp-image-2696\" src=\"http:\/\/fcfamalicao.org\/portal\/wp-content\/uploads\/2015\/08\/juvenis_b.jpg\" alt=\"juvenis_b\" width=\"600\" height=\"125\" srcset=\"https:\/\/fcfamalicao.org\/portal\/wp-content\/uploads\/2015\/08\/juvenis_b.jpg 600w, https:\/\/fcfamalicao.org\/portal\/wp-content\/uploads\/2015\/08\/juvenis_b-300x63.jpg 300w, https:\/\/fcfamalicao.org\/portal\/wp-content\/uploads\/2015\/08\/juvenis_b-500x104.jpg 500w\" sizes=\"auto, (max-width: 600px) 100vw, 600px\" \/><\/span><\/p>\n<p><span style=\"color: #0000ff;\">** Disputa&nbsp;o Campeonato Distrital da AF Braga &#8211; Divis\u00e3o de Honra<\/span><span style=\"color: #0000ff; line-height: 1.625;\">&nbsp; **<\/span><\/p>\n<p><strong><span style=\"color: #0000ff;\">Resultados<\/span><\/strong><\/p>\n<table style=\"width: 584px;\">\n<tbody>\n<tr style=\"height: 24px; background-color: #d7e9f7;\">\n<td style=\"height: 24px; width: 60px;\"><strong><span style=\"color: #0000ff;\">Jornada<\/span><\/strong><\/td>\n<td style=\"height: 24px; width: 154px;\"><strong><span style=\"color: #0000ff;\">Visitado<\/span><\/strong><\/td>\n<td style=\"text-align: center; height: 24px; width: 74px;\"><strong><span style=\"color: #0000ff;\">Res.<\/span><\/strong><\/td>\n<td style=\"text-align: right; height: 24px; width: 155px;\"><strong><span style=\"color: #0000ff;\">Visitante<\/span><\/strong><\/td>\n<td style=\"text-align: right; height: 24px; width: 91px;\"><strong><span style=\"color: #0000ff;\">Data<\/span><\/strong><\/td>\n<\/tr>\n<tr style=\"height: 24.375px;\">\n<td style=\"height: 24.375px; width: 60px;\">J1<\/td>\n<td style=\"height: 24.375px; width: 154px; text-align: left;\"><span style=\"color: #0000ff;\">FC Famalic\u00e3o<\/span><\/td>\n<td style=\"text-align: center; height: 24.375px; width: 74px;\"><strong>1-0<\/strong><\/td>\n<td style=\"text-align: right; height: 24.375px; width: 155px;\">Gil Vicente<\/td>\n<td style=\"text-align: right; height: 24.375px; width: 91px;\">08-09-2018<\/td>\n<\/tr>\n<tr style=\"height: 24px;\">\n<td style=\"height: 24px; width: 60px;\">J2<\/td>\n<td style=\"height: 24px; width: 154px;\">Vizela<\/td>\n<td style=\"text-align: center; height: 24px; width: 74px;\"><strong>3-0<\/strong><\/td>\n<td style=\"text-align: right; height: 24px; width: 155px;\"><span style=\"color: #0000ff;\">FC Famalic\u00e3o<\/span><\/td>\n<td style=\"text-align: right; height: 24px; width: 91px;\">15-09-2018<\/td>\n<\/tr>\n<tr style=\"height: 24px;\">\n<td style=\"height: 24px; width: 60px;\">J3<\/td>\n<td style=\"height: 24px; width: 154px;\"><span style=\"color: #0000ff;\">FC Famalic\u00e3o<\/span><\/td>\n<td style=\"text-align: center; height: 24px; width: 74px;\"><strong>1-0<\/strong><\/td>\n<td style=\"text-align: right; height: 24px; width: 155px;\">Desportivo Ronfe<\/td>\n<td style=\"text-align: right; height: 24px; width: 91px;\">30-09-2018<\/td>\n<\/tr>\n<tr style=\"height: 24px;\">\n<td style=\"height: 24px; width: 60px;\">J4<\/td>\n<td style=\"height: 24px; width: 154px;\">Ca\u00e7adores das Taipas<\/td>\n<td style=\"text-align: center; height: 24px; width: 74px;\"><strong>1-2<\/strong><\/td>\n<td style=\"text-align: right; height: 24px; width: 155px;\"><span style=\"color: #0000ff;\">FC Famalic\u00e3o<\/span><\/td>\n<td style=\"text-align: right; height: 24px; width: 91px;\">07-10-2018<\/td>\n<\/tr>\n<tr style=\"height: 24px;\">\n<td style=\"height: 24px; width: 60px;\">J5<\/td>\n<td style=\"height: 24px; width: 154px;\"><span style=\"color: #0000ff;\">FC Famalic\u00e3o<\/span><\/td>\n<td style=\"text-align: center; height: 24px; width: 74px;\"><strong>2-0<\/strong><\/td>\n<td style=\"text-align: right; height: 24px; width: 155px;\">CD Lousado<\/td>\n<td style=\"text-align: right; height: 24px; width: 91px;\">14-10-2018<\/td>\n<\/tr>\n<tr style=\"height: 24px;\">\n<td style=\"height: 24px; width: 60px;\">J6<\/td>\n<td style=\"height: 24px; width: 154px;\">Prado<\/td>\n<td style=\"text-align: center; height: 24px; width: 74px;\"><strong>1-0<\/strong><\/td>\n<td style=\"text-align: right; height: 24px; width: 155px;\"><span style=\"color: #0000ff;\">FC Famalic\u00e3o<\/span><\/td>\n<td style=\"text-align: right; height: 24px; width: 91px;\">20-10-2018<\/td>\n<\/tr>\n<tr>\n<td style=\"width: 60px;\">J7<\/td>\n<td style=\"width: 154px;\"><span style=\"color: #0000ff;\">FC Famalic\u00e3o<\/span><\/td>\n<td style=\"text-align: center; width: 74px;\"><strong>1-0<\/strong><\/td>\n<td style=\"text-align: right; width: 155px;\">V. Guimar\u00e3es<\/td>\n<td style=\"text-align: right; width: 91px;\">27-10-2018<\/td>\n<\/tr>\n<tr>\n<td style=\"width: 60px;\">J8<\/td>\n<td style=\"width: 154px;\">Vilaverdense<\/td>\n<td style=\"text-align: center; width: 74px;\">&#8211;<\/td>\n<td style=\"text-align: right; width: 155px;\"><span style=\"color: #0000ff;\">FC Famalic\u00e3o<\/span><\/td>\n<td style=\"text-align: right; width: 91px;\">03-11-2018<\/td>\n<\/tr>\n<tr>\n<td style=\"width: 60px;\">&nbsp;<\/td>\n<td style=\"width: 154px;\">&nbsp;<\/td>\n<td style=\"text-align: center; width: 74px;\">&nbsp;<\/td>\n<td style=\"text-align: right; width: 155px;\">&nbsp;<\/td>\n<td style=\"text-align: right; width: 91px;\">&nbsp;<\/td>\n<\/tr>\n<\/tbody>\n<\/table>\n<p><span style=\"color: #0000ff;\"><strong>Classifica\u00e7\u00e3o<br \/>\n<img loading=\"lazy\" decoding=\"async\" class=\"alignleft size-full wp-image-4085\" src=\"http:\/\/fcfamalicao.org\/portal\/wp-content\/uploads\/2018\/10\/class_juvenis_b07.png\" alt=\"\" width=\"531\" height=\"451\"><br \/>\n<\/strong><\/span><\/p>\n","protected":false},"excerpt":{"rendered":"<p>** Disputa&nbsp;o Campeonato Distrital da AF Braga &#8211; Divis\u00e3o de Honra&nbsp; ** Resultados Jornada Visitado Res. Visitante Data J1 FC Famalic\u00e3o 1-0 Gil Vicente 08-09-2018 J2 Vizela 3-0 FC Famalic\u00e3o 15-09-2018 J3 FC Famalic\u00e3o 1-0 Desportivo Ronfe 30-09-2018 J4 Ca\u00e7adores &hellip; <a href=\"https:\/\/fcfamalicao.org\/portal\/futebol-formacao\/campeonato-nacional\/juvenis-b\/\">Continuar a ler <span class=\"meta-nav\">&rarr;<\/span><\/a><\/p>\n","protected":false},"author":1,"featured_media":0,"parent":1085,"menu_order":4,"comment_status":"closed","ping_status":"closed","template":"sidebar-page.php","meta":{"ngg_post_thumbnail":0,"footnotes":""},"class_list":["post-532","page","type-page","status-publish","hentry"],"_links":{"self":[{"href":"https:\/\/fcfamalicao.org\/portal\/wp-json\/wp\/v2\/pages\/532","targetHints":{"allow":["GET"]}}],"collection":[{"href":"https:\/\/fcfamalicao.org\/portal\/wp-json\/wp\/v2\/pages"}],"about":[{"href":"https:\/\/fcfamalicao.org\/portal\/wp-json\/wp\/v2\/types\/page"}],"author":[{"embeddable":true,"href":"https:\/\/fcfamalicao.org\/portal\/wp-json\/wp\/v2\/users\/1"}],"replies":[{"embeddable":true,"href":"https:\/\/fcfamalicao.org\/portal\/wp-json\/wp\/v2\/comments?post=532"}],"version-history":[{"count":40,"href":"https:\/\/fcfamalicao.org\/portal\/wp-json\/wp\/v2\/pages\/532\/revisions"}],"predecessor-version":[{"id":4088,"href":"https:\/\/fcfamalicao.org\/portal\/wp-json\/wp\/v2\/pages\/532\/revisions\/4088"}],"up":[{"embeddable":true,"href":"https:\/\/fcfamalicao.org\/portal\/wp-json\/wp\/v2\/pages\/1085"}],"wp:attachment":[{"href":"https:\/\/fcfamalicao.org\/portal\/wp-json\/wp\/v2\/media?parent=532"}],"curies":[{"name":"wp","href":"https:\/\/api.w.org\/{rel}","templated":true}]}}