{"id":306,"date":"2013-08-10T20:39:08","date_gmt":"2013-08-10T19:39:08","guid":{"rendered":"http:\/\/fcfamalicao.org\/portal\/?page_id=306"},"modified":"2018-11-07T00:16:37","modified_gmt":"2018-11-06T23:16:37","slug":"classificacao","status":"publish","type":"page","link":"https:\/\/fcfamalicao.org\/portal\/futebol-formacao\/campeonato-nacional\/classificacao\/","title":{"rendered":"Juvenis A"},"content":{"rendered":"<p><strong><span style=\"color: #0000ff;\"><img loading=\"lazy\" decoding=\"async\" class=\"alignleft size-full wp-image-2695\" src=\"http:\/\/fcfamalicao.org\/portal\/wp-content\/uploads\/2015\/08\/juvenis_a.jpg\" alt=\"juvenis_a\" width=\"600\" height=\"125\" srcset=\"https:\/\/fcfamalicao.org\/portal\/wp-content\/uploads\/2015\/08\/juvenis_a.jpg 600w, https:\/\/fcfamalicao.org\/portal\/wp-content\/uploads\/2015\/08\/juvenis_a-300x63.jpg 300w, https:\/\/fcfamalicao.org\/portal\/wp-content\/uploads\/2015\/08\/juvenis_a-500x104.jpg 500w\" sizes=\"auto, (max-width: 600px) 100vw, 600px\" \/><br \/>\n** Disputa&nbsp;o Campeonato Nacional Juniores B &#8211; S\u00e9rie A **<\/span><\/strong><\/p>\n<p><strong><span style=\"color: #0000ff;\">Resultados<\/span><span style=\"color: #0000ff;\"><br \/>\n<\/span><\/strong><\/p>\n<table style=\"width: 584px;\">\n<tbody>\n<tr style=\"background-color: #d7e9f7;\">\n<td style=\"width: 81px;\"><strong><span style=\"color: #0000ff;\">Jornada<\/span><\/strong><\/td>\n<td style=\"text-align: left; width: 150px;\"><strong><span style=\"color: #0000ff;\">Visitado<\/span><\/strong><\/td>\n<td style=\"text-align: center; width: 49px;\"><strong><span style=\"color: #0000ff;\">Res.<\/span><\/strong><\/td>\n<td style=\"text-align: right; width: 140px;\"><strong><span style=\"color: #0000ff;\">Visitante<\/span><\/strong><\/td>\n<td style=\"text-align: right; width: 114px;\"><strong><span style=\"color: #0000ff;\">Data<\/span><\/strong><\/td>\n<\/tr>\n<tr>\n<td style=\"width: 81px;\">J1<\/td>\n<td style=\"text-align: left; width: 150px;\">Rio Ave<\/td>\n<td style=\"text-align: center; width: 49px;\"><strong>1-0<\/strong><\/td>\n<td style=\"text-align: right; width: 140px;\"><span style=\"color: #0000ff;\">FC Famalic\u00e3o<\/span><\/td>\n<td style=\"text-align: right; width: 114px;\">19-08-2018<\/td>\n<\/tr>\n<tr>\n<td style=\"width: 81px;\">J2<\/td>\n<td style=\"text-align: left; width: 150px;\"><span style=\"color: #0000ff;\">FC Famalic\u00e3o<\/span><\/td>\n<td style=\"text-align: center; width: 49px;\"><strong>1-2<\/strong><\/td>\n<td style=\"text-align: right; width: 140px;\">V. Guimar\u00e3es<\/td>\n<td style=\"text-align: right; width: 114px;\">26-08-2018<\/td>\n<\/tr>\n<tr>\n<td style=\"width: 81px;\">J3<\/td>\n<td style=\"text-align: left; width: 150px;\">Palmeiras FC<\/td>\n<td style=\"text-align: center; width: 49px;\"><strong>3-4<\/strong><\/td>\n<td style=\"text-align: right; width: 140px;\"><span style=\"color: #0000ff;\">FC Famalic\u00e3o<\/span><\/td>\n<td style=\"text-align: right; width: 114px;\">01-09-2018<\/td>\n<\/tr>\n<tr>\n<td style=\"width: 81px;\">J4<\/td>\n<td style=\"text-align: left; width: 150px;\"><span style=\"color: #0000ff;\">FC Famalic\u00e3o<\/span><\/td>\n<td style=\"text-align: center; width: 49px;\"><strong>5-0<\/strong><\/td>\n<td style=\"text-align: right; width: 140px;\">Cach\u00e3o<\/td>\n<td style=\"text-align: right; width: 114px;\">16-09-2018<\/td>\n<\/tr>\n<tr>\n<td style=\"width: 81px;\">J5<\/td>\n<td style=\"text-align: left; width: 150px;\">Moreirense<\/td>\n<td style=\"text-align: center; width: 49px;\"><strong>0-1<\/strong><\/td>\n<td style=\"text-align: right; width: 140px;\"><span style=\"color: #0000ff;\">FC Famalic\u00e3o<\/span><\/td>\n<td style=\"text-align: right; width: 114px;\">23-09-2018<\/td>\n<\/tr>\n<tr>\n<td style=\"width: 81px;\">J6<\/td>\n<td style=\"text-align: left; width: 150px;\"><span style=\"color: #0000ff;\">FC Famalic\u00e3o<\/span><\/td>\n<td style=\"text-align: center; width: 49px;\"><strong>4-0<\/strong><\/td>\n<td style=\"text-align: right; width: 140px;\">Gil Vicente<\/td>\n<td style=\"text-align: right; width: 114px;\">30-09-2018<\/td>\n<\/tr>\n<tr>\n<td style=\"width: 81px;\">J7<\/td>\n<td style=\"text-align: left; width: 150px;\">Pa\u00e7os de Ferreira<\/td>\n<td style=\"text-align: center; width: 49px;\"><strong>3-0<\/strong><\/td>\n<td style=\"text-align: right; width: 140px;\"><span style=\"color: #0000ff;\">FC Famalic\u00e3o<\/span><\/td>\n<td style=\"text-align: right; width: 114px;\">21-10-2018<\/td>\n<\/tr>\n<tr>\n<td style=\"width: 81px;\">J8<\/td>\n<td style=\"text-align: left; width: 150px;\"><span style=\"color: #0000ff;\">FC Famalic\u00e3o<\/span><\/td>\n<td style=\"text-align: center; width: 49px;\"><strong>3-1<\/strong><\/td>\n<td style=\"text-align: right; width: 140px;\">Vianense<\/td>\n<td style=\"text-align: right; width: 114px;\">28-10-2019<\/td>\n<\/tr>\n<tr>\n<td style=\"width: 81px;\">J9<\/td>\n<td style=\"text-align: left; width: 150px;\">Chaves<\/td>\n<td style=\"text-align: center; width: 49px;\"><strong>2-1<\/strong><\/td>\n<td style=\"text-align: right; width: 140px;\"><span style=\"color: #0000ff;\">FC Famalic\u00e3o<\/span><\/td>\n<td style=\"text-align: right; width: 114px;\">04-11-2018<\/td>\n<\/tr>\n<tr>\n<td style=\"width: 81px;\">J10<\/td>\n<td style=\"text-align: left; width: 150px;\">AD Barroselas<\/td>\n<td style=\"text-align: center; width: 49px;\"><strong>&#8211;<\/strong><\/td>\n<td style=\"text-align: right; width: 140px;\"><span style=\"color: #0000ff;\">FC Famalic\u00e3o<\/span><\/td>\n<td style=\"text-align: right; width: 114px;\">11-11-2018<\/td>\n<\/tr>\n<tr>\n<td style=\"width: 81px;\">J11<\/td>\n<td style=\"text-align: left; width: 150px;\"><span style=\"color: #0000ff;\">FC Famalic\u00e3o<\/span><\/td>\n<td style=\"text-align: center; width: 49px;\"><strong>&#8211;<\/strong><\/td>\n<td style=\"text-align: right; width: 140px;\">Sp. Braga<\/td>\n<td style=\"text-align: right; width: 114px;\">18-11-2018<\/td>\n<\/tr>\n<tr>\n<td style=\"width: 81px;\">&nbsp;<\/td>\n<td style=\"text-align: left; width: 150px;\">&nbsp;<\/td>\n<td style=\"text-align: center; width: 49px;\">&nbsp;<\/td>\n<td style=\"text-align: right; width: 140px;\">&nbsp;<\/td>\n<td style=\"text-align: right; width: 114px;\">&nbsp;<\/td>\n<\/tr>\n<\/tbody>\n<\/table>\n<p style=\"text-align: left;\"><span style=\"color: #0000ff;\"><strong>Classifica\u00e7\u00e3o<br \/>\n<img loading=\"lazy\" decoding=\"async\" class=\"alignleft size-full wp-image-4098\" src=\"http:\/\/fcfamalicao.org\/portal\/wp-content\/uploads\/2018\/11\/class_juvenis_09.png\" alt=\"\" width=\"322\" height=\"670\"><br \/>\n<\/strong><\/span><\/p>\n<p>&nbsp;<\/p>\n<p>&nbsp;<\/p>\n","protected":false},"excerpt":{"rendered":"<p>** Disputa&nbsp;o Campeonato Nacional Juniores B &#8211; S\u00e9rie A ** Resultados Jornada Visitado Res. Visitante Data J1 Rio Ave 1-0 FC Famalic\u00e3o 19-08-2018 J2 FC Famalic\u00e3o 1-2 V. Guimar\u00e3es 26-08-2018 J3 Palmeiras FC 3-4 FC Famalic\u00e3o 01-09-2018 J4 FC Famalic\u00e3o &hellip; <a href=\"https:\/\/fcfamalicao.org\/portal\/futebol-formacao\/campeonato-nacional\/classificacao\/\">Continuar a ler <span class=\"meta-nav\">&rarr;<\/span><\/a><\/p>\n","protected":false},"author":1,"featured_media":0,"parent":1085,"menu_order":3,"comment_status":"closed","ping_status":"closed","template":"sidebar-page.php","meta":{"ngg_post_thumbnail":0,"footnotes":""},"class_list":["post-306","page","type-page","status-publish","hentry"],"_links":{"self":[{"href":"https:\/\/fcfamalicao.org\/portal\/wp-json\/wp\/v2\/pages\/306","targetHints":{"allow":["GET"]}}],"collection":[{"href":"https:\/\/fcfamalicao.org\/portal\/wp-json\/wp\/v2\/pages"}],"about":[{"href":"https:\/\/fcfamalicao.org\/portal\/wp-json\/wp\/v2\/types\/page"}],"author":[{"embeddable":true,"href":"https:\/\/fcfamalicao.org\/portal\/wp-json\/wp\/v2\/users\/1"}],"replies":[{"embeddable":true,"href":"https:\/\/fcfamalicao.org\/portal\/wp-json\/wp\/v2\/comments?post=306"}],"version-history":[{"count":51,"href":"https:\/\/fcfamalicao.org\/portal\/wp-json\/wp\/v2\/pages\/306\/revisions"}],"predecessor-version":[{"id":4101,"href":"https:\/\/fcfamalicao.org\/portal\/wp-json\/wp\/v2\/pages\/306\/revisions\/4101"}],"up":[{"embeddable":true,"href":"https:\/\/fcfamalicao.org\/portal\/wp-json\/wp\/v2\/pages\/1085"}],"wp:attachment":[{"href":"https:\/\/fcfamalicao.org\/portal\/wp-json\/wp\/v2\/media?parent=306"}],"curies":[{"name":"wp","href":"https:\/\/api.w.org\/{rel}","templated":true}]}}