{"id":14,"date":"2013-07-21T16:08:44","date_gmt":"2013-07-21T15:08:44","guid":{"rendered":"http:\/\/fcfamalicao.org\/portal\/?page_id=14"},"modified":"2014-06-12T22:39:55","modified_gmt":"2014-06-12T21:39:55","slug":"historial","status":"publish","type":"page","link":"https:\/\/fcfamalicao.org\/portal\/clube\/historial\/","title":{"rendered":"Historial"},"content":{"rendered":"<p>&nbsp;<\/p>\n<p align=\"center\"><strong><span style=\"color: #000080;\">\u00a0<\/span><\/strong><\/p>\n<p style=\"text-align: justify;\"><span style=\"color: #0000ff;\">Um grupo de amigos, composto por Jos\u00e9 Alves Marinho, Floriano Portela, Hildebrando Portela, Lu\u00eds Moreira Pinto, Virg\u00edlio Pinto Azevedo e Joaquim Mesquita J\u00fanior, fundaram o Futebol Clube de Famalic\u00e3o e formaram a primeira direc\u00e7\u00e3o em 21 de Agosto de 1931.<\/span><br \/>\n<span style=\"color: #0000ff;\">A primeira equipa do FC Famalic\u00e3o estreou-se frente a um misto do FC Porto na inaugura\u00e7\u00e3o do Campo da Berberia, a 17 de Janeiro de 1932.<\/span><br \/>\n<img loading=\"lazy\" decoding=\"async\" class=\"size-medium wp-image-74 alignleft\" alt=\"img_historial_1\" src=\"http:\/\/fcfamalicao.org\/portal\/wp-content\/uploads\/2013\/07\/img_historial_1-300x91.jpg\" width=\"300\" height=\"91\" srcset=\"https:\/\/fcfamalicao.org\/portal\/wp-content\/uploads\/2013\/07\/img_historial_1-300x91.jpg 300w, https:\/\/fcfamalicao.org\/portal\/wp-content\/uploads\/2013\/07\/img_historial_1-500x152.jpg 500w, https:\/\/fcfamalicao.org\/portal\/wp-content\/uploads\/2013\/07\/img_historial_1.jpg 590w\" sizes=\"auto, (max-width: 300px) 100vw, 300px\" \/><span style=\"color: #0000ff;\">Nessa partida utilizaram o primeiro equipamento que envergavam as cores verde e branco.<\/span><br \/>\n<span style=\"color: #0000ff;\">Oficialmente a carreira do FC Famalic\u00e3o iniciou-se apenas na \u00e9poca de 1932\/33, tendo disputado o Campeonato da Promo\u00e7\u00e3o da Associa\u00e7\u00e3o de Futebol de Braga. Sai vencedor no campeonato concelhio de promo\u00e7\u00e3o, ficando apurado para a s\u00e9rie seguinte.<\/span><br \/>\n<span style=\"color: #0000ff;\">Na \u00e9poca de 1934\/35 acede ao Campeonato Distrital da I Divis\u00e3o, sagrando-se campe\u00e3o distrital na \u00e9poca seguinte (1935\/36).<\/span><br \/>\n<span style=\"color: #0000ff;\">Na \u00e9poca de 1938\/39 os equipamentos do clube adoptam novas cores, do verde e branco para azul e branco, uma op\u00e7\u00e3o tomada com o prop\u00f3sito de obter filia\u00e7\u00e3o no FC Porto, o que n\u00e3o viria a concretizar-se, sendo a filial n\u00famero 4 do clube da cidade invicta.<\/span><br \/>\n<span style=\"color: #0000ff;\">Na temporada de 1940\/41 o clube ascende ao Campeonato Nacional da II Divis\u00e3o, e a \u00e9poca de 1941\/42 fica marcada com uma fase de ascens\u00e3o do Famalic\u00e3o, muito por m\u00e9rito do h\u00fangaro Janos Szabo.<\/span><br \/>\n<span style=\"color: #0000ff;\">Janos Szabo, como jogador-treinador, ficou ligado a uma brilhante recupera\u00e7\u00e3o na \u00e9poca de 1942\/43, ap\u00f3s mais de uma d\u00e9cada de insucessos. Com 27 anos, Janos Szabo foi contratado na altura por dez contos mensais (actualmente 50 euros).<\/span><br \/>\n<span style=\"color: #0000ff;\">Na temporada de 1945\/46, o FC Famalic\u00e3o conquista a 2\u00aa s\u00e9rie do Campeonato Nacional da II Divis\u00e3o, com uns surpreendentes 82 golos marcados e apenas cinco sofridos. Na fase de apuramento para a l Divis\u00e3o, venceu o Boavista FC por 3-2 e chegou pela primeira vez ao principal campeonato nacional.<\/span><br \/>\n<span style=\"color: #0000ff;\">Ainda nessa temporada mas para a Ta\u00e7a de Portugal, chegou \u00e0s meias-finais, onde <img loading=\"lazy\" decoding=\"async\" class=\"size-medium wp-image-75 alignright\" alt=\"img_historial_2\" src=\"http:\/\/fcfamalicao.org\/portal\/wp-content\/uploads\/2013\/07\/img_historial_2-300x91.jpg\" width=\"300\" height=\"91\" srcset=\"https:\/\/fcfamalicao.org\/portal\/wp-content\/uploads\/2013\/07\/img_historial_2-300x91.jpg 300w, https:\/\/fcfamalicao.org\/portal\/wp-content\/uploads\/2013\/07\/img_historial_2-500x152.jpg 500w, https:\/\/fcfamalicao.org\/portal\/wp-content\/uploads\/2013\/07\/img_historial_2.jpg 590w\" sizes=\"auto, (max-width: 300px) 100vw, 300px\" \/>encontrou o Sporting CP dos famosos cinco violinos. Numa tarde de m\u00e1 mem\u00f3ria para o FC Famalic\u00e3o, os le\u00f5es venceram por uns 11-0, tendo o FC Famalic\u00e3o terminado essa partida com apenas seis jogadores.<\/span><br \/>\n<span style=\"color: #0000ff;\">Pela primeira vez no Campeonato Nacional da I Divis\u00e3o, o FC Famalic\u00e3o fez uma \u00e9poca muito apagada e na seguinte (1947\/48) desceu novamente \u00e0 II Divis\u00e3o, mas j\u00e1 sem Szabo, ap\u00f3s seis \u00e9pocas em Famalic\u00e3o.<\/span><br \/>\n<img loading=\"lazy\" decoding=\"async\" class=\"size-medium wp-image-76 alignleft\" alt=\"img_historial_3\" src=\"http:\/\/fcfamalicao.org\/portal\/wp-content\/uploads\/2013\/07\/img_historial_3-300x91.jpg\" width=\"300\" height=\"91\" srcset=\"https:\/\/fcfamalicao.org\/portal\/wp-content\/uploads\/2013\/07\/img_historial_3-300x91.jpg 300w, https:\/\/fcfamalicao.org\/portal\/wp-content\/uploads\/2013\/07\/img_historial_3-500x152.jpg 500w, https:\/\/fcfamalicao.org\/portal\/wp-content\/uploads\/2013\/07\/img_historial_3.jpg 590w\" sizes=\"auto, (max-width: 300px) 100vw, 300px\" \/><span style=\"color: #0000ff;\">Em 21 de Setembro de 1952, o FC Famalic\u00e3o viu as instala\u00e7\u00f5es desportivas melhoradas com a inaugura\u00e7\u00e3o do Campo dos Bargos, hoje Est\u00e1dio Municipal 22 de Junho. Por\u00e9m esta melhoria de condi\u00e7\u00f5es n\u00e3o se traduziu em resultados o que levou o FC Famalic\u00e3o \u00e0 descida at\u00e9 \u00e0 III Divis\u00e3o Nacional.<\/span><br \/>\n<span style=\"color: #0000ff;\">Na \u00e9poca de 1962\/63, o FC Famalic\u00e3o volta a viver dias felizes com o regresso a \u201ccasa\u201d de Janos Szabo, levando o FC Famalic\u00e3o novamente \u00e0 II Divis\u00e3o Nacional, onde permaneceu at\u00e9 \u00e0 \u00e9poca de 1977\/78, quando ascendeu de novo \u00e0 I Divis\u00e3o Nacional, contudo na \u00e9poca de 1978\/79 voltaria a descer \u00e0 II Divis\u00e3o Nacional com os mesmos pontos do 13\u00ba que foi o SC Beira-Mar que permaneceu na I Divis\u00e3o devido ao desempate nos confrontos directos lhes ser favor\u00e1vel. O regresso ao escal\u00e3o principal do futebol <img loading=\"lazy\" decoding=\"async\" class=\"size-medium wp-image-77 alignright\" alt=\"img_historial_4\" src=\"http:\/\/fcfamalicao.org\/portal\/wp-content\/uploads\/2013\/07\/img_historial_4-300x91.jpg\" width=\"300\" height=\"91\" srcset=\"https:\/\/fcfamalicao.org\/portal\/wp-content\/uploads\/2013\/07\/img_historial_4-300x91.jpg 300w, https:\/\/fcfamalicao.org\/portal\/wp-content\/uploads\/2013\/07\/img_historial_4-500x152.jpg 500w, https:\/\/fcfamalicao.org\/portal\/wp-content\/uploads\/2013\/07\/img_historial_4.jpg 590w\" sizes=\"auto, (max-width: 300px) 100vw, 300px\" \/>portugu\u00eas deu-se na temporada de 1988\/89 mas de forma fugaz devido ao caso do suposto suborno ao CA Macedo de Cavaleiros, sendo ent\u00e3o relegado para a III Divis\u00e3o Nacional, juntamente com o CA Macedo de Cavaleiros, e tendo a AD Fafe ocupado a vaga do FC Famalic\u00e3o, e ficando como uma p\u00e1gina negra na hist\u00f3ria do clube.<\/span><br \/>\n<span style=\"color: #0000ff;\">O FC Famalic\u00e3o teve ent\u00e3o que disputar a \u00e9poca de 1989\/90 na III Divis\u00e3o Nacional, tendo terminado em 1\u00ba lugar com 54 pontos (25 vit\u00f3rias, 7 empates e 2 derrotas) e subido novamente \u00e0 II Divis\u00e3o Nacional.<\/span><br \/>\n<img loading=\"lazy\" decoding=\"async\" class=\"size-medium wp-image-78 alignleft\" alt=\"img_historial_5\" src=\"http:\/\/fcfamalicao.org\/portal\/wp-content\/uploads\/2013\/07\/img_historial_5-300x91.jpg\" width=\"300\" height=\"91\" srcset=\"https:\/\/fcfamalicao.org\/portal\/wp-content\/uploads\/2013\/07\/img_historial_5-300x91.jpg 300w, https:\/\/fcfamalicao.org\/portal\/wp-content\/uploads\/2013\/07\/img_historial_5-500x152.jpg 500w, https:\/\/fcfamalicao.org\/portal\/wp-content\/uploads\/2013\/07\/img_historial_5.jpg 590w\" sizes=\"auto, (max-width: 300px) 100vw, 300px\" \/><span style=\"color: #0000ff;\">Na\u00a0\u00e9poca 1990\/91 foi feita justi\u00e7a com mais uma subida do FC Famalic\u00e3o \u00e0 I Divis\u00e3o Nacional, tendo-se mantido no principal escal\u00e3o do futebol portugu\u00eas at\u00e9 \u00e0 \u00e9poca de 1993\/94, \u00e9poca essa que ditou mais uma descida de divis\u00e3o.<\/span><br \/>\n<span style=\"color: #0000ff;\">Na \u00e9poca de 1994\/95 e 1995\/96 o FC Famalic\u00e3o disputou a II Divis\u00e3o de Honra, tendo a \u00e9poca 1995\/96 ditado nova descida de divis\u00e3o.<\/span><br \/>\n<span style=\"color: #0000ff;\">Da \u00e9poca de 1996\/97 a 2001\/2002 o FC Famalic\u00e3o disputou Campeonato da II Divis\u00e3o B.<\/span><br \/>\n<span style=\"color: #0000ff;\">Na \u00e9poca de 2000\/2001 o FC Famalic\u00e3o protagonizou mais um feito que merece registo no seu historial onde na Ta\u00e7a de Portugal chegou at\u00e9 aos quartos-de-final, onde foi batido pelo Sporting CP por 1-3 no Est\u00e1dio Municipal 22 de Junho, e que poderia ter sido coroada de \u00eaxito n\u00e3o fosse o 2\u00ba lugar na II Divis\u00e3o Nacional.<\/span><br \/>\n<span style=\"color: #0000ff;\">Da \u00e9poca 2002\/03 \u00e0 \u00e9poca 2004\/05 o FC Famalic\u00e3o disputou a s\u00e9rie B do Campeonato da III Divis\u00e3o Nacional, subindo na \u00e9poca 2004\/05 \u00e0 II Divis\u00e3o B.<\/span><br \/>\n<span style=\"color: #0000ff;\">Disputa a \u00e9poca de 2005\/06 no Campeonato da II Divis\u00e3o B e na \u00e9poca 2006\/07 desce novamente \u00e0 III Divis\u00e3o.<\/span><br \/>\n<span style=\"color: #0000ff;\">Na \u00e9poca de 2007\/08 o FC Famalic\u00e3o disputou novamente a s\u00e9rie B do Campeonato Nacional da III Divis\u00e3o. Face \u00e0s dificuldades que o clube atravessa, n\u00e3o seria correcto exigir subidas de divis\u00e3o, mas se elas estiverem ao alcance n\u00e3o se deve deitar fora a oportunidade, at\u00e9 porque uma s\u00e9rie B da III Divis\u00e3o \u00e9 sempre muito complicada de disputar.<\/span><br \/>\n<span style=\"color: #0000ff;\">Tendo a \u00e9poca decorrido de forma at\u00edpica desce, ao fim de 72 anos, aos distritais \u2013 Divis\u00e3o de Honra da AF de Braga.<\/span><br \/>\n<span style=\"color: #0000ff;\">Na \u00e9poca seguinte, 2008\/2009 disputa a Divis\u00e3o de Honra da AF de Braga classificando-se em segundo lugar. Com a desist\u00eancia de clubes foi promovido \u00e0 3\u00aa Divis\u00e3o Nacional \u2013 S\u00e9rie B.<\/span><br \/>\n<span style=\"color: #0000ff;\">Em 2009\/2010 disputou a III Divis\u00e3o \u2013 S\u00e9rie B classificando-se na fase final em terceiro lugar.<\/span><br \/>\n<span style=\"color: #0000ff;\">Na \u00e9poca 2010\/2011, novamente, na III Divis\u00e3o \u2013 S\u00e9rie B e depois de ter liderado praticamente toda a \u00e9poca viu-se, na \u00faltima jornada, ser relegado para segundo lugar em igualdade pontual com o primeiro, subindo \u00e0 2\u00aa Divis\u00e3o.<\/span><br \/>\n<span style=\"color: #0000ff;\">Na \u00e9poca 2011\/2012 disputou a 2\u00aa Divis\u00e3o B \u2013 Zona Norte classificando-se em 9\u00ba lugar.<\/span><br \/>\n<span style=\"color: #0000ff;\">&#8211; 2012\/2013 disputa, novamente, a 2\u00aa Divis\u00e3o B \u2013 Zona Norte classificando-se em 7\u00ba lugar mantendo-se na mesma divis\u00e3o.<\/span><br \/>\n<span style=\"color: #0000ff;\">&#8211; 2013\/2014 participou no Campeonato Nacional Seniores (nova denomina\u00e7\u00e3o da 2\u00aa divis\u00e3o), s\u00e9rie B, classificando-se na fase regular em 8\u00ba lugar. Disputa a segunda fase (fase de manuten\u00e7\u00e3o) classificando-se em 3\u00ba lugar .<br \/>\n<em>Em 2014\/2015 participar\u00e1 no Campeonato Nacional de Seniores.<\/em><\/span><\/p>\n","protected":false},"excerpt":{"rendered":"<p>&nbsp; \u00a0 Um grupo de amigos, composto por Jos\u00e9 Alves Marinho, Floriano Portela, Hildebrando Portela, Lu\u00eds Moreira Pinto, Virg\u00edlio Pinto Azevedo e Joaquim Mesquita J\u00fanior, fundaram o Futebol Clube de Famalic\u00e3o e formaram a primeira direc\u00e7\u00e3o em 21 de Agosto &hellip; <a href=\"https:\/\/fcfamalicao.org\/portal\/clube\/historial\/\">Continuar a ler <span class=\"meta-nav\">&rarr;<\/span><\/a><\/p>\n","protected":false},"author":1,"featured_media":0,"parent":6,"menu_order":1,"comment_status":"closed","ping_status":"closed","template":"sidebar-page.php","meta":{"ngg_post_thumbnail":0,"footnotes":""},"class_list":["post-14","page","type-page","status-publish","hentry"],"_links":{"self":[{"href":"https:\/\/fcfamalicao.org\/portal\/wp-json\/wp\/v2\/pages\/14","targetHints":{"allow":["GET"]}}],"collection":[{"href":"https:\/\/fcfamalicao.org\/portal\/wp-json\/wp\/v2\/pages"}],"about":[{"href":"https:\/\/fcfamalicao.org\/portal\/wp-json\/wp\/v2\/types\/page"}],"author":[{"embeddable":true,"href":"https:\/\/fcfamalicao.org\/portal\/wp-json\/wp\/v2\/users\/1"}],"replies":[{"embeddable":true,"href":"https:\/\/fcfamalicao.org\/portal\/wp-json\/wp\/v2\/comments?post=14"}],"version-history":[{"count":13,"href":"https:\/\/fcfamalicao.org\/portal\/wp-json\/wp\/v2\/pages\/14\/revisions"}],"predecessor-version":[{"id":1601,"href":"https:\/\/fcfamalicao.org\/portal\/wp-json\/wp\/v2\/pages\/14\/revisions\/1601"}],"up":[{"embeddable":true,"href":"https:\/\/fcfamalicao.org\/portal\/wp-json\/wp\/v2\/pages\/6"}],"wp:attachment":[{"href":"https:\/\/fcfamalicao.org\/portal\/wp-json\/wp\/v2\/media?parent=14"}],"curies":[{"name":"wp","href":"https:\/\/api.w.org\/{rel}","templated":true}]}}